{"id":4436,"date":"2026-02-25T23:28:02","date_gmt":"2026-02-25T22:28:02","guid":{"rendered":"https:\/\/www.europautosport.fr\/?inventory_vehicle=bmw-serie-7-g11-g12-745ea-394ch-m-sport"},"modified":"2026-04-27T19:01:34","modified_gmt":"2026-04-27T17:01:34","slug":"bmw-serie-7-g11-g12-745ea-394ch-m-sport","status":"publish","type":"inventory_vehicle","link":"https:\/\/www.europautosport.fr\/?inventory_vehicle=bmw-serie-7-g11-g12-745ea-394ch-m-sport","title":{"rendered":"BMW SERIE 7 (G11\/G12) 745EA 394CH M SPORT"},"content":{"rendered":"<p>Premi\u00e8re mainV\u00e9hicule fran\u00e7aisretour de leasingKilom\u00e9trage certifi\u00e92 clefsentretien 100% derni\u00e8re r\u00e9vision constructeur effectu\u00e9Jamais accident\u00e9e\u00c9tat proche du neufTva r\u00e9cup\u00e9rableGarantie 12 moisExtension de garantie sur toute la France possibleEuropautosport Hendaye sp\u00e9cialiste BMW, Audi, Volkswagen, Mercedes, Mini,depuis plus de 30 ans !<\/p>\n","protected":false},"featured_media":4437,"template":"","meta":{"inventory_presser_availability":"For Sale","inventory_presser_beam":"","inventory_presser_body_style":"","inventory_presser_book_value_kbb":0,"inventory_presser_book_value_nada":0,"inventory_presser_car_id":"17101275","inventory_presser_carfax_accident_free":false,"inventory_presser_carfax_have_report":false,"inventory_presser_carfax_one_owner":false,"inventory_presser_carfax_top_condition":false,"inventory_presser_carfax_url_icon":"","inventory_presser_carfax_url_icon_accident_free":"","inventory_presser_carfax_url_icon_one_owner":"","inventory_presser_carfax_url_icon_top_condition":"","inventory_presser_carfax_url_report":"","inventory_presser_certified_preowned":false,"inventory_presser_color":"NOIR","inventory_presser_color_base":"NOIR","inventory_presser_condition_boat":"","inventory_presser_condition":"Used","inventory_presser_cylinders":0,"inventory_presser_date_entered":"Wed, 25 Feb 2026 11:28:02 +0100","inventory_presser_dealer_id":0,"inventory_presser_description":"Premi\u00e8re mainV\u00e9hicule fran\u00e7aisretour de leasingKilom\u00e9trage certifi\u00e92 clefsentretien 100% derni\u00e8re r\u00e9vision constructeur effectu\u00e9Jamais accident\u00e9e\u00c9tat proche du neufTva r\u00e9cup\u00e9rableGarantie 12 moisExtension de garantie sur toute la France possibleEuropautosport Hendaye sp\u00e9cialiste BMW, Audi, Volkswagen, Mercedes, Mini,depuis plus de 30 ans !","inventory_presser_doors":4,"inventory_presser_down_payment":0,"inventory_presser_drive_type":"","inventory_presser_edmunds_style_id":0,"inventory_presser_engine":"","inventory_presser_engine_count":0,"inventory_presser_engine_make":"","inventory_presser_engine_model":"","inventory_presser_featured":false,"inventory_presser_fuel":"Hybride","inventory_presser_fuel_economy_1_name":"","inventory_presser_fuel_economy_1_annual_consumption":"","inventory_presser_fuel_economy_1_annual_cost":0,"inventory_presser_fuel_economy_1_annual_emissions":"","inventory_presser_fuel_economy_1_city":0,"inventory_presser_fuel_economy_1_combined":0,"inventory_presser_fuel_economy_1_highway":0,"inventory_presser_fuel_economy_2_name":"","inventory_presser_fuel_economy_2_annual_consumption":"","inventory_presser_fuel_economy_2_annual_cost":0,"inventory_presser_fuel_economy_2_annual_emissions":"","inventory_presser_fuel_economy_2_city":0,"inventory_presser_fuel_economy_2_combined":0,"inventory_presser_fuel_economy_2_highway":0,"inventory_presser_fuel_economy_five_year_savings":0,"inventory_presser_horsepower":0,"inventory_presser_hull_material":"","inventory_presser_interior_color":"NOIR","inventory_presser_last_modified":"Mon, 27 Apr 2026 07:01:34 +0200","inventory_presser_leads_id":0,"inventory_presser_length":"","inventory_presser_location":"","inventory_presser_make":"BMW","inventory_presser_draft":"","inventory_presser_model":"SERIE 7","inventory_presser_msrp":0,"inventory_presser_nextgear_inspection_url":"","inventory_presser_odometer":"59861","inventory_presser_options_array":["Drive Assist Pro","Pack Innovation","Pack Premi\u00e8re Classe","Suivi entretien disponible","TVA R\u00e9cup\u00e9rable","TVA R\u00e9cup\u00e9rable \/ LOA Possible","V\u00e9hicule Origine France","LOA Possible","12 Haut parleurs","ABS","Accoudoir central AR avec trappe \u00e0 skis","Accoudoir central AV avec rangement","Affichage t\u00eate haute","AFIL","Aide au d\u00e9marrage en c\u00f4te","Aide au freinage d'urgence","Airbag conducteur","Airbag passager d\u00e9connectable","Airbags lat\u00e9raux avant","Airbags rideaux AV et AR","Alarme antivol","Antid\u00e9marrage \u00e9lectronique","Antipatinage","Appel d'Assistance Localis\u00e9","Appel d'Urgence Localis\u00e9","Appuis-t\u00eate avant actifs","Arr\u00eat et red\u00e9marrage auto. du moteur","Bacs de portes arri\u00e8re","Bacs de portes avant","Banquette arri\u00e8re 3 places","BAS","Boite \u00e0 gants ferm\u00e9e","Borne Wi-Fi","Capteur de luminosit\u00e9","Capteur de pluie","Clim automatique bi-zones","Coffre assist\u00e9 \u00e9lectriquement","Colonne de direction \u00e9lectr. \u00e0 m\u00e9moire","Commande du comportement dynamique","Commandes du syst\u00e8me audio au volant","Commandes vocales","Contr\u00f4le de Traction","Contr\u00f4le \u00e9lect. de la pression des pneus","D\u00e9marrage sans cl\u00e9","EBD","Echappement \u00e0 double sortie","Eclairage au sol","Eclairage d'ambiance","Ecran multifonction couleur","Ecran tactile","ESP","Feux arri\u00e8re \u00e0 LED","Feux de jour \u00e0 LED","Filtre \u00e0 Pollen","Fixations Isofix aux places arri\u00e8res","Follow me home","Fonction MP3","Freinage automatique d'urgence","GPS Cartographique","Indicateur de limitation de vitesse","Inserts de porte bois","Inserts de tableau de bord bois","Interface Media","Jantes en alliage","Kit mains-libres Bluetooth","Lampes de lecture \u00e0 l'arri\u00e8re","Lampes de lecture \u00e0 l'avant","Miroir de courtoisie conducteur \u00e9clair\u00e9","Miroir de courtoisie passager \u00e9clair\u00e9","Ordinateur de bord","Ouverture des vitres s\u00e9quentielle","Ouverture du coffre mains-libres","Palettes changement vitesses au volant","P\u00e9dalier sport","Phares antibrouillard LED","Phares avant LED","Phares de route adaptatifs","Poches d'aumoni\u00e8res","Prise 12V","Prise USB","Radar de stationnement AR","Radar de stationnement AV","AUTORADIO","R\u00e9gulateur de vitesse","R\u00e9troviseur int\u00e9rieur \u00e9lectrochrome","R\u00e9troviseurs d\u00e9givrants","R\u00e9troviseurs \u00e9lectriques","R\u00e9troviseurs ext\u00e9rieurs \u00e9lectrochromes","R\u00e9troviseurs rabattables \u00e9lectriquement","Services connect\u00e9s","Si\u00e8ge conducteur \u00e0 m\u00e9moire","Si\u00e8ge conducteur chauffant","Si\u00e8ge conducteur \u00e9lectrique","Si\u00e8ge conducteur r\u00e9glable en hauteur","Si\u00e8ge passager \u00e0 r\u00e9glages \u00e9lectriques","Si\u00e8ge passager chauffant","Si\u00e8ge passager r\u00e9glable en hauteur","Si\u00e8ges avant sport","Sortie d'\u00e9chappement chrom\u00e9e","Suspensions pneumatiques","Syst\u00e8me d'acc\u00e8s sans cl\u00e9","Syst\u00e8me d'assistance au stationnement","Syst\u00e8me de contr\u00f4le des angles morts","Syst\u00e8me de d\u00e9tection de somnolence","Syst\u00e8me de mesure de place disponible","Syst\u00e8me de pr\u00e9vention des collisions","Syst\u00e8me de pr\u00e9vention des collisions AR","Syst\u00e8me d'\u00e9clairage intelligent","TMC","Volant cuir","Volant multifonction","Volant r\u00e9glable en profondeur et hauteur","Volant sport"],"inventory_presser_payment":0,"inventory_presser_payment_frequency":"","inventory_presser_price":47990,"inventory_presser_propulsion_type":"","inventory_presser_rate":0,"inventory_presser_stock_number":"1710","inventory_presser_tag_line":"","inventory_presser_term":0,"inventory_presser_title_status":"","inventory_presser_transmission":"Manuelle s\u00e9quent.","inventory_presser_transmission_speeds":"","inventory_presser_trim":"(G11\/G12) 745EA 394CH M SPORT","inventory_presser_type":"","inventory_presser_vin":"M10BMWVP063K977","inventory_presser_wholesale":false,"inventory_presser_year":2019,"inventory_presser_youtube":"","inventory_presser_youtube_embed":""},"model_year":[88],"make":[99],"model":[126],"condition":[3],"inventory_type":[93],"availability":[16],"drive_type":[],"propulsion_type":[],"fuel":[127],"transmission":[96],"cylinders":[],"style":[],"colors":[118],"location":[],"condition_boat":[],"engine_count":[],"engine_make":[],"engine_model":[],"horsepower":[],"hull_materials":[],"class_list":["post-4436","inventory_vehicle","type-inventory_vehicle","status-publish","has-post-thumbnail","hentry","model_year-88","make-bmw","model-serie-7","condition-used","type-voitures","availability-for-sale","fuel-hybride","transmission-manuelle-squent","colors-noir"],"inventory_type_slugs":["voitures"],"_links":{"self":[{"href":"https:\/\/www.europautosport.fr\/index.php?rest_route=\/wp\/v2\/inventory\/4436","targetHints":{"allow":["GET"]}}],"collection":[{"href":"https:\/\/www.europautosport.fr\/index.php?rest_route=\/wp\/v2\/inventory"}],"about":[{"href":"https:\/\/www.europautosport.fr\/index.php?rest_route=\/wp\/v2\/types\/inventory_vehicle"}],"wp:featuredmedia":[{"embeddable":true,"href":"https:\/\/www.europautosport.fr\/index.php?rest_route=\/wp\/v2\/media\/4437"}],"wp:attachment":[{"href":"https:\/\/www.europautosport.fr\/index.php?rest_route=%2Fwp%2Fv2%2Fmedia&parent=4436"}],"wp:term":[{"taxonomy":"model_year","embeddable":true,"href":"https:\/\/www.europautosport.fr\/index.php?rest_route=%2Fwp%2Fv2%2Fmodel_year&post=4436"},{"taxonomy":"make","embeddable":true,"href":"https:\/\/www.europautosport.fr\/index.php?rest_route=%2Fwp%2Fv2%2Fmake&post=4436"},{"taxonomy":"model","embeddable":true,"href":"https:\/\/www.europautosport.fr\/index.php?rest_route=%2Fwp%2Fv2%2Fmodel&post=4436"},{"taxonomy":"condition","embeddable":true,"href":"https:\/\/www.europautosport.fr\/index.php?rest_route=%2Fwp%2Fv2%2Fcondition&post=4436"},{"taxonomy":"type","embeddable":true,"href":"https:\/\/www.europautosport.fr\/index.php?rest_route=%2Fwp%2Fv2%2Finventory_type&post=4436"},{"taxonomy":"availability","embeddable":true,"href":"https:\/\/www.europautosport.fr\/index.php?rest_route=%2Fwp%2Fv2%2Favailability&post=4436"},{"taxonomy":"drive_type","embeddable":true,"href":"https:\/\/www.europautosport.fr\/index.php?rest_route=%2Fwp%2Fv2%2Fdrive_type&post=4436"},{"taxonomy":"propulsion_type","embeddable":true,"href":"https:\/\/www.europautosport.fr\/index.php?rest_route=%2Fwp%2Fv2%2Fpropulsion_type&post=4436"},{"taxonomy":"fuel","embeddable":true,"href":"https:\/\/www.europautosport.fr\/index.php?rest_route=%2Fwp%2Fv2%2Ffuel&post=4436"},{"taxonomy":"transmission","embeddable":true,"href":"https:\/\/www.europautosport.fr\/index.php?rest_route=%2Fwp%2Fv2%2Ftransmission&post=4436"},{"taxonomy":"cylinders","embeddable":true,"href":"https:\/\/www.europautosport.fr\/index.php?rest_route=%2Fwp%2Fv2%2Fcylinders&post=4436"},{"taxonomy":"style","embeddable":true,"href":"https:\/\/www.europautosport.fr\/index.php?rest_route=%2Fwp%2Fv2%2Fstyle&post=4436"},{"taxonomy":"colors","embeddable":true,"href":"https:\/\/www.europautosport.fr\/index.php?rest_route=%2Fwp%2Fv2%2Fcolors&post=4436"},{"taxonomy":"location","embeddable":true,"href":"https:\/\/www.europautosport.fr\/index.php?rest_route=%2Fwp%2Fv2%2Flocation&post=4436"},{"taxonomy":"condition_boat","embeddable":true,"href":"https:\/\/www.europautosport.fr\/index.php?rest_route=%2Fwp%2Fv2%2Fcondition_boat&post=4436"},{"taxonomy":"engine_count","embeddable":true,"href":"https:\/\/www.europautosport.fr\/index.php?rest_route=%2Fwp%2Fv2%2Fengine_count&post=4436"},{"taxonomy":"engine_make","embeddable":true,"href":"https:\/\/www.europautosport.fr\/index.php?rest_route=%2Fwp%2Fv2%2Fengine_make&post=4436"},{"taxonomy":"engine_model","embeddable":true,"href":"https:\/\/www.europautosport.fr\/index.php?rest_route=%2Fwp%2Fv2%2Fengine_model&post=4436"},{"taxonomy":"horsepower","embeddable":true,"href":"https:\/\/www.europautosport.fr\/index.php?rest_route=%2Fwp%2Fv2%2Fhorsepower&post=4436"},{"taxonomy":"hull_materials","embeddable":true,"href":"https:\/\/www.europautosport.fr\/index.php?rest_route=%2Fwp%2Fv2%2Fhull_materials&post=4436"}],"curies":[{"name":"wp","href":"https:\/\/api.w.org\/{rel}","templated":true}]}}