{"id":4918,"date":"2026-02-25T23:29:01","date_gmt":"2026-02-25T22:29:01","guid":{"rendered":"https:\/\/www.europautosport.fr\/?inventory_vehicle=bmw-serie-4-cabriolet-g23-430da-286ch-m-sport-17cv"},"modified":"2026-04-27T19:01:32","modified_gmt":"2026-04-27T17:01:32","slug":"bmw-serie-4-cabriolet-g23-430da-286ch-m-sport-17cv","status":"publish","type":"inventory_vehicle","link":"https:\/\/www.europautosport.fr\/?inventory_vehicle=bmw-serie-4-cabriolet-g23-430da-286ch-m-sport-17cv","title":{"rendered":"BMW SERIE 4 CABRIOLET (G23) 430DA 286CH M SPORT 17CV"},"content":{"rendered":"<p>Entretien Exclusif BMW.Premi\u00e8re mainV\u00e9hicule fran\u00e7aisretour de leasingKilom\u00e9trage certifi\u00e92 clefsentretien 100% derni\u00e8re r\u00e9vision constructeur effectu\u00e9Jamais accident\u00e9e\u00c9tat proche du neufTva r\u00e9cup\u00e9rableGarantie 12 moisExtension de garantie sur toute la France possibleEuropautosport Hendaye sp\u00e9cialiste BMW, Audi, Volkswagen, Mercedes, Mini,depuis plus de 30 ans !<\/p>\n","protected":false},"featured_media":4919,"template":"","meta":{"inventory_presser_availability":"For Sale","inventory_presser_beam":"","inventory_presser_body_style":"","inventory_presser_book_value_kbb":0,"inventory_presser_book_value_nada":0,"inventory_presser_car_id":"14921275","inventory_presser_carfax_accident_free":false,"inventory_presser_carfax_have_report":false,"inventory_presser_carfax_one_owner":false,"inventory_presser_carfax_top_condition":false,"inventory_presser_carfax_url_icon":"","inventory_presser_carfax_url_icon_accident_free":"","inventory_presser_carfax_url_icon_one_owner":"","inventory_presser_carfax_url_icon_top_condition":"","inventory_presser_carfax_url_report":"","inventory_presser_certified_preowned":false,"inventory_presser_color":"ROUGE","inventory_presser_color_base":"ROUGE","inventory_presser_condition_boat":"","inventory_presser_condition":"Used","inventory_presser_cylinders":0,"inventory_presser_date_entered":"Wed, 25 Feb 2026 11:29:01 +0100","inventory_presser_dealer_id":0,"inventory_presser_description":"Entretien Exclusif BMW.Premi\u00e8re mainV\u00e9hicule fran\u00e7aisretour de leasingKilom\u00e9trage certifi\u00e92 clefsentretien 100% derni\u00e8re r\u00e9vision constructeur effectu\u00e9Jamais accident\u00e9e\u00c9tat proche du neufTva r\u00e9cup\u00e9rableGarantie 12 moisExtension de garantie sur toute la France possibleEuropautosport Hendaye sp\u00e9cialiste BMW, Audi, Volkswagen, Mercedes, Mini,depuis plus de 30 ans !","inventory_presser_doors":2,"inventory_presser_down_payment":0,"inventory_presser_drive_type":"","inventory_presser_edmunds_style_id":0,"inventory_presser_engine":"","inventory_presser_engine_count":0,"inventory_presser_engine_make":"","inventory_presser_engine_model":"","inventory_presser_featured":false,"inventory_presser_fuel":"Diesel","inventory_presser_fuel_economy_1_name":"","inventory_presser_fuel_economy_1_annual_consumption":"","inventory_presser_fuel_economy_1_annual_cost":0,"inventory_presser_fuel_economy_1_annual_emissions":"","inventory_presser_fuel_economy_1_city":0,"inventory_presser_fuel_economy_1_combined":0,"inventory_presser_fuel_economy_1_highway":0,"inventory_presser_fuel_economy_2_name":"","inventory_presser_fuel_economy_2_annual_consumption":"","inventory_presser_fuel_economy_2_annual_cost":0,"inventory_presser_fuel_economy_2_annual_emissions":"","inventory_presser_fuel_economy_2_city":0,"inventory_presser_fuel_economy_2_combined":0,"inventory_presser_fuel_economy_2_highway":0,"inventory_presser_fuel_economy_five_year_savings":0,"inventory_presser_horsepower":0,"inventory_presser_hull_material":"","inventory_presser_interior_color":"BORDEAUX","inventory_presser_last_modified":"Mon, 27 Apr 2026 07:01:32 +0200","inventory_presser_leads_id":0,"inventory_presser_length":"","inventory_presser_location":"","inventory_presser_make":"BMW","inventory_presser_draft":"","inventory_presser_model":"SERIE 4 CABRIOLET","inventory_presser_msrp":0,"inventory_presser_nextgear_inspection_url":"","inventory_presser_odometer":"56545","inventory_presser_options_array":["Acc\u00e8s Confort","BVAS8+palettes si Pk M Sport Pro","Chauffage de nuque","Cuir Vernasca Tacorarot","Pack Confort Cabriolet","Syst\u00e8me Hi-Fi","Suivi entretien disponible","TVA R\u00e9cup\u00e9rable","TVA R\u00e9cup\u00e9rable \/ LOA Possible","V\u00e9hicule Origine France","LOA Possible","6 Haut parleurs","ABS","Accoudoir arri\u00e8re","Accoudoir central AV avec rangement","AFIL","Aide au d\u00e9marrage en c\u00f4te","Aide au freinage d'urgence","Airbag conducteur","Airbag passager d\u00e9connectable","Airbags lat\u00e9raux avant","Airbags rideaux","Airbags rideaux AR","Alarme antivol","Alarme p\u00e9rim\u00e9trique","Alarme volum\u00e9trique","Alpinweiss","Antid\u00e9marrage \u00e9lectronique","Antipatinage","Appel d'Urgence Localis\u00e9","Appui-t\u00eate conducteur r\u00e9glable hauteur","Appui-t\u00eate passager r\u00e9glable en hauteur","Arr\u00eat et red\u00e9marrage auto. du moteur","Assistance de maintien de trajectoire","Bacs de portes avant","Banquette 2 places","Banquette 40\/20\/40","Banquette AR rabattable","Boite \u00e0 gants ferm\u00e9e","Borne Wi-Fi","Boucliers AV et AR couleur caisse","Calandre chrom\u00e9e","Cam\u00e9ra de recul","Capteur de luminosit\u00e9","Capteur de pluie","Clim automatique tri-zones","Commande Climatisation AR","Commande du comportement dynamique","Commandes du syst\u00e8me audio au volant","Commandes vocales","Compte tours","Contr\u00f4le de freinage en courbe","Contr\u00f4le de Traction","Contr\u00f4le \u00e9lect. de la pression des pneus","D\u00e9marrage sans cl\u00e9","Disque dur multim\u00e9dia","EBD","Echappement \u00e0 double sortie","Eclairage d'ambiance","Ecran multifonction couleur","Ecran tactile","ESP","Feux arri\u00e8re \u00e0 LED","Feux de jour \u00e0 LED","Filtre \u00e0 particules","Filtre \u00e0 Pollen","Fixations Isofix aux places arri\u00e8res","Follow me home","Fonction MP3","GPS Cartographique","Indicateur de limitation de vitesse","Inserts de porte m\u00e9tal","Inserts de tableau de bord m\u00e9tal","Jantes en alliage","Kit mains-libres Bluetooth","Lampe de coffre","Limiteur de vitesse","Miroir de courtoisie conducteur \u00e9clair\u00e9","Miroir de courtoisie passager \u00e9clair\u00e9","Ordinateur de bord","Ouverture des vitres s\u00e9quentielle","Pare-brise acoustique","Phares antibrouillard LED","Phares avant LED","Poches d'aumoni\u00e8res","Poign\u00e9es ton carrosserie","Porte-gobelets arri\u00e8re","Porte-gobelets avant","Prise 12V","Prise auxiliaire de connexion audio","Prise USB","Radar de stationnement AR","Radar de stationnement AV","AUTORADIO","Radio num\u00e9rique DAB","R\u00e9gulateur de vitesse","R\u00e9p\u00e9titeurs de clignotant dans r\u00e9tro ext","R\u00e9troviseur int\u00e9rieur \u00e9lectrochrome","R\u00e9troviseurs d\u00e9givrants","R\u00e9troviseurs \u00e9lectriques","R\u00e9troviseurs ext. index\u00e9s \u00e0 la marche AR","R\u00e9troviseurs ext\u00e9rieurs \u00e0 m\u00e9moire","R\u00e9troviseurs ext\u00e9rieurs \u00e9lectrochromes","R\u00e9troviseurs rabattables \u00e9lectriquement","Services connect\u00e9s","Si\u00e8ge conducteur \u00e0 m\u00e9moire","Si\u00e8ge conducteur avec r\u00e9glage lombaire","Si\u00e8ge conducteur \u00e9lectrique","Si\u00e8ge conducteur r\u00e9glable en hauteur","Si\u00e8ge passager \u00e0 r\u00e9glages \u00e9lectriques","Si\u00e8ge passager avec r\u00e9glage lombaire","Si\u00e8ge passager r\u00e9glable en hauteur","Sortie d'\u00e9chappement chrom\u00e9e","Suspensions Sport","Syst\u00e8me d'assistance au stationnement","Syst\u00e8me de mesure de place disponible","Syst\u00e8me de pr\u00e9vention des collisions","Temp\u00e9rature ext\u00e9rieure","TMC","Verrouillage centralis\u00e9 \u00e0 distance","Verrouillage centralis\u00e9 des portes","Vitres avant \u00e9lectriques","Vitres teint\u00e9es","Volant cuir","Volant m\u00e9tal","Volant multifonction","Volant r\u00e9glable en profondeur et hauteur","Volant sport"],"inventory_presser_payment":0,"inventory_presser_payment_frequency":"","inventory_presser_price":46990,"inventory_presser_propulsion_type":"","inventory_presser_rate":0,"inventory_presser_stock_number":"1492","inventory_presser_tag_line":"","inventory_presser_term":0,"inventory_presser_title_status":"","inventory_presser_transmission":"Automatique","inventory_presser_transmission_speeds":"","inventory_presser_trim":"(G23) 430DA 286CH M SPORT 17CV","inventory_presser_type":"","inventory_presser_vin":"M10BMWVP088E666","inventory_presser_wholesale":false,"inventory_presser_year":2022,"inventory_presser_youtube":"","inventory_presser_youtube_embed":""},"model_year":[116],"make":[99],"model":[147],"condition":[3],"inventory_type":[93],"availability":[16],"drive_type":[],"propulsion_type":[],"fuel":[33],"transmission":[101],"cylinders":[],"style":[],"colors":[148],"location":[],"condition_boat":[],"engine_count":[],"engine_make":[],"engine_model":[],"horsepower":[],"hull_materials":[],"class_list":["post-4918","inventory_vehicle","type-inventory_vehicle","status-publish","has-post-thumbnail","hentry","model_year-116","make-bmw","model-serie-4-cabriolet","condition-used","type-voitures","availability-for-sale","fuel-d","transmission-automatique","colors-rouge"],"inventory_type_slugs":["voitures"],"_links":{"self":[{"href":"https:\/\/www.europautosport.fr\/index.php?rest_route=\/wp\/v2\/inventory\/4918","targetHints":{"allow":["GET"]}}],"collection":[{"href":"https:\/\/www.europautosport.fr\/index.php?rest_route=\/wp\/v2\/inventory"}],"about":[{"href":"https:\/\/www.europautosport.fr\/index.php?rest_route=\/wp\/v2\/types\/inventory_vehicle"}],"wp:featuredmedia":[{"embeddable":true,"href":"https:\/\/www.europautosport.fr\/index.php?rest_route=\/wp\/v2\/media\/4919"}],"wp:attachment":[{"href":"https:\/\/www.europautosport.fr\/index.php?rest_route=%2Fwp%2Fv2%2Fmedia&parent=4918"}],"wp:term":[{"taxonomy":"model_year","embeddable":true,"href":"https:\/\/www.europautosport.fr\/index.php?rest_route=%2Fwp%2Fv2%2Fmodel_year&post=4918"},{"taxonomy":"make","embeddable":true,"href":"https:\/\/www.europautosport.fr\/index.php?rest_route=%2Fwp%2Fv2%2Fmake&post=4918"},{"taxonomy":"model","embeddable":true,"href":"https:\/\/www.europautosport.fr\/index.php?rest_route=%2Fwp%2Fv2%2Fmodel&post=4918"},{"taxonomy":"condition","embeddable":true,"href":"https:\/\/www.europautosport.fr\/index.php?rest_route=%2Fwp%2Fv2%2Fcondition&post=4918"},{"taxonomy":"type","embeddable":true,"href":"https:\/\/www.europautosport.fr\/index.php?rest_route=%2Fwp%2Fv2%2Finventory_type&post=4918"},{"taxonomy":"availability","embeddable":true,"href":"https:\/\/www.europautosport.fr\/index.php?rest_route=%2Fwp%2Fv2%2Favailability&post=4918"},{"taxonomy":"drive_type","embeddable":true,"href":"https:\/\/www.europautosport.fr\/index.php?rest_route=%2Fwp%2Fv2%2Fdrive_type&post=4918"},{"taxonomy":"propulsion_type","embeddable":true,"href":"https:\/\/www.europautosport.fr\/index.php?rest_route=%2Fwp%2Fv2%2Fpropulsion_type&post=4918"},{"taxonomy":"fuel","embeddable":true,"href":"https:\/\/www.europautosport.fr\/index.php?rest_route=%2Fwp%2Fv2%2Ffuel&post=4918"},{"taxonomy":"transmission","embeddable":true,"href":"https:\/\/www.europautosport.fr\/index.php?rest_route=%2Fwp%2Fv2%2Ftransmission&post=4918"},{"taxonomy":"cylinders","embeddable":true,"href":"https:\/\/www.europautosport.fr\/index.php?rest_route=%2Fwp%2Fv2%2Fcylinders&post=4918"},{"taxonomy":"style","embeddable":true,"href":"https:\/\/www.europautosport.fr\/index.php?rest_route=%2Fwp%2Fv2%2Fstyle&post=4918"},{"taxonomy":"colors","embeddable":true,"href":"https:\/\/www.europautosport.fr\/index.php?rest_route=%2Fwp%2Fv2%2Fcolors&post=4918"},{"taxonomy":"location","embeddable":true,"href":"https:\/\/www.europautosport.fr\/index.php?rest_route=%2Fwp%2Fv2%2Flocation&post=4918"},{"taxonomy":"condition_boat","embeddable":true,"href":"https:\/\/www.europautosport.fr\/index.php?rest_route=%2Fwp%2Fv2%2Fcondition_boat&post=4918"},{"taxonomy":"engine_count","embeddable":true,"href":"https:\/\/www.europautosport.fr\/index.php?rest_route=%2Fwp%2Fv2%2Fengine_count&post=4918"},{"taxonomy":"engine_make","embeddable":true,"href":"https:\/\/www.europautosport.fr\/index.php?rest_route=%2Fwp%2Fv2%2Fengine_make&post=4918"},{"taxonomy":"engine_model","embeddable":true,"href":"https:\/\/www.europautosport.fr\/index.php?rest_route=%2Fwp%2Fv2%2Fengine_model&post=4918"},{"taxonomy":"horsepower","embeddable":true,"href":"https:\/\/www.europautosport.fr\/index.php?rest_route=%2Fwp%2Fv2%2Fhorsepower&post=4918"},{"taxonomy":"hull_materials","embeddable":true,"href":"https:\/\/www.europautosport.fr\/index.php?rest_route=%2Fwp%2Fv2%2Fhull_materials&post=4918"}],"curies":[{"name":"wp","href":"https:\/\/api.w.org\/{rel}","templated":true}]}}